{"id":597,"date":"2019-03-27T13:48:37","date_gmt":"2019-03-27T12:48:37","guid":{"rendered":"https:\/\/fcv.unl.edu.ar\/citec\/?page_id=597"},"modified":"2025-04-08T12:59:38","modified_gmt":"2025-04-08T15:59:38","slug":"eventos","status":"publish","type":"page","link":"https:\/\/fcv.unl.edu.ar\/citec\/?page_id=597","title":{"rendered":"Eventos"},"content":{"rendered":"\t\t<div data-elementor-type=\"wp-post\" data-elementor-id=\"597\" class=\"elementor elementor-597\">\n\t\t\t\t\t\t<div class=\"elementor-inner\">\n\t\t\t\t<div class=\"elementor-section-wrap\">\n\t\t\t\t\t\t\t\t\t<section class=\"elementor-section elementor-top-section elementor-element elementor-element-6bdfc3c elementor-section-boxed elementor-section-height-default elementor-section-height-default\" data-id=\"6bdfc3c\" data-element_type=\"section\">\n\t\t\t\t\t\t<div class=\"elementor-container elementor-column-gap-default\">\n\t\t\t\t\t\t\t<div class=\"elementor-row\">\n\t\t\t\t\t<div class=\"elementor-column elementor-col-100 elementor-top-column elementor-element elementor-element-d0a57c5\" data-id=\"d0a57c5\" data-element_type=\"column\">\n\t\t\t<div class=\"elementor-column-wrap elementor-element-populated\">\n\t\t\t\t\t\t\t<div class=\"elementor-widget-wrap\">\n\t\t\t\t\t\t<div class=\"elementor-element elementor-element-a278ad9 elementor-widget elementor-widget-spacer\" data-id=\"a278ad9\" data-element_type=\"widget\" data-widget_type=\"spacer.default\">\n\t\t\t\t<div class=\"elementor-widget-container\">\n\t\t\t\t\t<div class=\"elementor-spacer\">\n\t\t\t<div class=\"elementor-spacer-inner\"><\/div>\n\t\t<\/div>\n\t\t\t\t<\/div>\n\t\t\t\t<\/div>\n\t\t\t\t\t\t<\/div>\n\t\t\t\t\t<\/div>\n\t\t<\/div>\n\t\t\t\t\t\t\t\t<\/div>\n\t\t\t\t\t<\/div>\n\t\t<\/section>\n\t\t\t\t<section class=\"elementor-section elementor-top-section elementor-element elementor-element-554167fe elementor-section-stretched elementor-section-height-min-height elementor-section-content-middle elementor-section-boxed elementor-section-height-default elementor-section-items-middle\" data-id=\"554167fe\" data-element_type=\"section\" data-settings=\"{&quot;stretch_section&quot;:&quot;section-stretched&quot;,&quot;background_background&quot;:&quot;classic&quot;}\">\n\t\t\t\t\t\t\t<div class=\"elementor-background-overlay\"><\/div>\n\t\t\t\t\t\t\t<div class=\"elementor-container elementor-column-gap-default\">\n\t\t\t\t\t\t\t<div class=\"elementor-row\">\n\t\t\t\t\t<div class=\"elementor-column elementor-col-100 elementor-top-column elementor-element elementor-element-1a1b511\" data-id=\"1a1b511\" data-element_type=\"column\">\n\t\t\t<div class=\"elementor-column-wrap elementor-element-populated\">\n\t\t\t\t\t\t\t<div class=\"elementor-widget-wrap\">\n\t\t\t\t\t\t<div class=\"elementor-element elementor-element-925f7db elementor-widget elementor-widget-heading\" data-id=\"925f7db\" data-element_type=\"widget\" data-widget_type=\"heading.default\">\n\t\t\t\t<div class=\"elementor-widget-container\">\n\t\t\t<h2 class=\"elementor-heading-title elementor-size-xl\">EVENTOS<\/h2>\t\t<\/div>\n\t\t\t\t<\/div>\n\t\t\t\t\t\t<\/div>\n\t\t\t\t\t<\/div>\n\t\t<\/div>\n\t\t\t\t\t\t\t\t<\/div>\n\t\t\t\t\t<\/div>\n\t\t<\/section>\n\t\t\t\t<section class=\"elementor-section elementor-top-section elementor-element elementor-element-286c41af elementor-section-boxed elementor-section-height-default elementor-section-height-default\" data-id=\"286c41af\" data-element_type=\"section\">\n\t\t\t\t\t\t<div class=\"elementor-container elementor-column-gap-default\">\n\t\t\t\t\t\t\t<div class=\"elementor-row\">\n\t\t\t\t\t<div class=\"elementor-column elementor-col-100 elementor-top-column elementor-element elementor-element-4c1f40e2\" data-id=\"4c1f40e2\" data-element_type=\"column\">\n\t\t\t<div class=\"elementor-column-wrap elementor-element-populated\">\n\t\t\t\t\t\t\t<div class=\"elementor-widget-wrap\">\n\t\t\t\t\t\t<div class=\"elementor-element elementor-element-51820ff1 elementor-widget elementor-widget-spacer\" data-id=\"51820ff1\" data-element_type=\"widget\" data-widget_type=\"spacer.default\">\n\t\t\t\t<div class=\"elementor-widget-container\">\n\t\t\t\t\t<div class=\"elementor-spacer\">\n\t\t\t<div class=\"elementor-spacer-inner\"><\/div>\n\t\t<\/div>\n\t\t\t\t<\/div>\n\t\t\t\t<\/div>\n\t\t\t\t<div class=\"elementor-element elementor-element-27159b70 elementor-grid-1 elementor-posts--thumbnail-left elementor-posts--align-left elementor-grid-tablet-2 elementor-grid-mobile-1 elementor-widget elementor-widget-posts\" data-id=\"27159b70\" data-element_type=\"widget\" data-settings=\"{&quot;classic_columns&quot;:&quot;1&quot;,&quot;classic_row_gap&quot;:{&quot;unit&quot;:&quot;px&quot;,&quot;size&quot;:25,&quot;sizes&quot;:[]},&quot;classic_columns_tablet&quot;:&quot;2&quot;,&quot;classic_columns_mobile&quot;:&quot;1&quot;,&quot;classic_row_gap_tablet&quot;:{&quot;unit&quot;:&quot;px&quot;,&quot;size&quot;:&quot;&quot;,&quot;sizes&quot;:[]},&quot;classic_row_gap_mobile&quot;:{&quot;unit&quot;:&quot;px&quot;,&quot;size&quot;:&quot;&quot;,&quot;sizes&quot;:[]}}\" data-widget_type=\"posts.classic\">\n\t\t\t\t<div class=\"elementor-widget-container\">\n\t\t\t\t\t<div class=\"elementor-posts-container elementor-posts elementor-posts--skin-classic elementor-grid\">\n\t\t\t\t<article class=\"elementor-post elementor-grid-item post-8911 post type-post status-publish format-standard has-post-thumbnail hentry category-eventos category-novedades entry has-media\">\n\t\t\t\t<a class=\"elementor-post__thumbnail__link\" href=\"https:\/\/fcv.unl.edu.ar\/citec\/?p=8911\" >\n\t\t\t<div class=\"elementor-post__thumbnail\"><img width=\"381\" height=\"337\" src=\"https:\/\/fcv.unl.edu.ar\/citec\/wp-content\/uploads\/2025\/11\/Captura-de-pantalla-2025-11-11-090016.png\" class=\"attachment-medium_large size-medium_large\" alt=\"\" loading=\"lazy\" \/><\/div>\n\t\t<\/a>\n\t\t\t\t<div class=\"elementor-post__text\">\n\t\t\t\t<h3 class=\"elementor-post__title\">\n\t\t\t<a href=\"https:\/\/fcv.unl.edu.ar\/citec\/?p=8911\" >\n\t\t\t\t4\u00b0 Encuentro Interuniversitario Avicultura\t\t\t<\/a>\n\t\t<\/h3>\n\t\t\t\t<div class=\"elementor-post__meta-data\">\n\t\t\t\t\t<span class=\"elementor-post-date\">\n\t\t\t11 noviembre, 2025\t\t<\/span>\n\t\t\t\t<\/div>\n\t\t\t\t<div class=\"elementor-post__excerpt\">\n\t\t\t<p>El CITec particip\u00f3 en la jornada organizada por la C\u00e1tedra de Producci\u00f3n de Aves (FCV\u2013UNL), presentando una experiencia inmersiva con gafas de realidad virtual que permiti\u00f3 recorrer un establecimiento av\u00edcola y conocer las distintas etapas productivas. Destinado a docentes, estudiantes, profesionales, productores y empresarios del sector av\u00edcola, el evento tuvo como objetivo promover el intercambio acad\u00e9mico y el debate sobre la ense\u00f1anza y la innovaci\u00f3n en avicultura.<\/p>\n\t\t<\/div>\n\t\t\n\t\t<a class=\"elementor-post__read-more\" href=\"https:\/\/fcv.unl.edu.ar\/citec\/?p=8911\" >\n\t\t\tCONOCER PROYECTO &gt;&gt;\t\t<\/a>\n\n\t\t\t\t<\/div>\n\t\t\t\t<\/article>\n\t\t\t\t<article class=\"elementor-post elementor-grid-item post-8881 post type-post status-publish format-standard has-post-thumbnail hentry category-eventos category-formacion category-novedades category-paginaprincipal entry has-media\">\n\t\t\t\t<a class=\"elementor-post__thumbnail__link\" href=\"https:\/\/fcv.unl.edu.ar\/citec\/?p=8881\" >\n\t\t\t<div class=\"elementor-post__thumbnail\"><img width=\"768\" height=\"512\" src=\"https:\/\/fcv.unl.edu.ar\/citec\/wp-content\/uploads\/2025\/11\/DSC_8692-768x512.jpg\" class=\"attachment-medium_large size-medium_large\" alt=\"\" loading=\"lazy\" \/><\/div>\n\t\t<\/a>\n\t\t\t\t<div class=\"elementor-post__text\">\n\t\t\t\t<h3 class=\"elementor-post__title\">\n\t\t\t<a href=\"https:\/\/fcv.unl.edu.ar\/citec\/?p=8881\" >\n\t\t\t\tSemana de la Ciencia 2025\t\t\t<\/a>\n\t\t<\/h3>\n\t\t\t\t<div class=\"elementor-post__meta-data\">\n\t\t\t\t\t<span class=\"elementor-post-date\">\n\t\t\t4 noviembre, 2025\t\t<\/span>\n\t\t\t\t<\/div>\n\t\t\t\t<div class=\"elementor-post__excerpt\">\n\t\t\t<p>Durante la Semana de la Ciencia se present\u00f3 \u201cExplor\u00e1 la Qu\u00edmica en Realidad Virtual\u201d, una experiencia inmersiva destinada a estudiantes secundarios. A trav\u00e9s de lentes de realidad virtual, los participantes ingresaron a un laboratorio interactivo donde pudieron manipular elementos y descubrir su nombre y funci\u00f3n, acerc\u00e1ndose a la qu\u00edmica de una manera innovadora y divertida.<\/p>\n\t\t<\/div>\n\t\t\n\t\t<a class=\"elementor-post__read-more\" href=\"https:\/\/fcv.unl.edu.ar\/citec\/?p=8881\" >\n\t\t\tCONOCER PROYECTO &gt;&gt;\t\t<\/a>\n\n\t\t\t\t<\/div>\n\t\t\t\t<\/article>\n\t\t\t\t<article class=\"elementor-post elementor-grid-item post-8856 post type-post status-publish format-standard has-post-thumbnail hentry category-eventos category-formacion category-novedades category-paginaprincipal entry has-media\">\n\t\t\t\t<a class=\"elementor-post__thumbnail__link\" href=\"https:\/\/fcv.unl.edu.ar\/citec\/?p=8856\" >\n\t\t\t<div class=\"elementor-post__thumbnail\"><img width=\"286\" height=\"230\" src=\"https:\/\/fcv.unl.edu.ar\/citec\/wp-content\/uploads\/2025\/11\/Flayer.png\" class=\"attachment-medium_large size-medium_large\" alt=\"\" loading=\"lazy\" \/><\/div>\n\t\t<\/a>\n\t\t\t\t<div class=\"elementor-post__text\">\n\t\t\t\t<h3 class=\"elementor-post__title\">\n\t\t\t<a href=\"https:\/\/fcv.unl.edu.ar\/citec\/?p=8856\" >\n\t\t\t\tNoche de los museos 2025\t\t\t<\/a>\n\t\t<\/h3>\n\t\t\t\t<div class=\"elementor-post__meta-data\">\n\t\t\t\t\t<span class=\"elementor-post-date\">\n\t\t\t4 noviembre, 2025\t\t<\/span>\n\t\t\t\t<\/div>\n\t\t\t\t<div class=\"elementor-post__excerpt\">\n\t\t\t<p>El pasado 18 de octubre, participamos de &#8220;LA NOCHE DE LOS MUSEOS&#8221;, compartiendo un museo que recorre la historia y el presente de la FCV.  Fue una jornada llena de curiosidad, intercambio y aprendizaje.<br \/>\nGracias a todas las personas que se acercaron, consultaron, exploraron y formaron parte de esta experiencia.<\/p>\n\t\t<\/div>\n\t\t\n\t\t<a class=\"elementor-post__read-more\" href=\"https:\/\/fcv.unl.edu.ar\/citec\/?p=8856\" >\n\t\t\tCONOCER PROYECTO &gt;&gt;\t\t<\/a>\n\n\t\t\t\t<\/div>\n\t\t\t\t<\/article>\n\t\t\t\t<article class=\"elementor-post elementor-grid-item post-7611 post type-post status-publish format-standard has-post-thumbnail hentry category-eventos category-formacion category-novedades category-paginaprincipal category-sin-categoria entry has-media\">\n\t\t\t\t<a class=\"elementor-post__thumbnail__link\" href=\"https:\/\/fcv.unl.edu.ar\/citec\/?p=7611\" >\n\t\t\t<div class=\"elementor-post__thumbnail\"><img width=\"768\" height=\"1024\" src=\"https:\/\/fcv.unl.edu.ar\/citec\/wp-content\/uploads\/2024\/11\/IMG_20241031_103309-768x1024.jpg\" class=\"attachment-medium_large size-medium_large\" alt=\"\" loading=\"lazy\" \/><\/div>\n\t\t<\/a>\n\t\t\t\t<div class=\"elementor-post__text\">\n\t\t\t\t<h3 class=\"elementor-post__title\">\n\t\t\t<a href=\"https:\/\/fcv.unl.edu.ar\/citec\/?p=7611\" >\n\t\t\t\tParticipaci\u00f3n en JIJE 2024\t\t\t<\/a>\n\t\t<\/h3>\n\t\t\t\t<div class=\"elementor-post__meta-data\">\n\t\t\t\t\t<span class=\"elementor-post-date\">\n\t\t\t5 noviembre, 2024\t\t<\/span>\n\t\t\t\t<\/div>\n\t\t\t\t<div class=\"elementor-post__excerpt\">\n\t\t\t<p>El pasado 31 de octubre participamos en JIJE 2024.  Agradecemos la oportunidad de ser parte de este evento que fomenta el intercambio de conocimientos, experiencias y proyectos. <\/p>\n\t\t<\/div>\n\t\t\n\t\t<a class=\"elementor-post__read-more\" href=\"https:\/\/fcv.unl.edu.ar\/citec\/?p=7611\" >\n\t\t\tCONOCER PROYECTO &gt;&gt;\t\t<\/a>\n\n\t\t\t\t<\/div>\n\t\t\t\t<\/article>\n\t\t\t\t<article class=\"elementor-post elementor-grid-item post-7456 post type-post status-publish format-standard has-post-thumbnail hentry category-eventos category-formacion category-novedades category-paginaprincipal entry has-media\">\n\t\t\t\t<a class=\"elementor-post__thumbnail__link\" href=\"https:\/\/fcv.unl.edu.ar\/citec\/?p=7456\" >\n\t\t\t<div class=\"elementor-post__thumbnail\"><img width=\"730\" height=\"464\" src=\"https:\/\/fcv.unl.edu.ar\/citec\/wp-content\/uploads\/2024\/10\/Anotacion-2024-10-16-101557.png\" class=\"attachment-medium_large size-medium_large\" alt=\"\" loading=\"lazy\" \/><\/div>\n\t\t<\/a>\n\t\t\t\t<div class=\"elementor-post__text\">\n\t\t\t\t<h3 class=\"elementor-post__title\">\n\t\t\t<a href=\"https:\/\/fcv.unl.edu.ar\/citec\/?p=7456\" >\n\t\t\t\tEncuentro con docentes de la Universidad de la Rep\u00fablica de Uruguay\t\t\t<\/a>\n\t\t<\/h3>\n\t\t\t\t<div class=\"elementor-post__meta-data\">\n\t\t\t\t\t<span class=\"elementor-post-date\">\n\t\t\t16 octubre, 2024\t\t<\/span>\n\t\t\t\t<\/div>\n\t\t\t\t<div class=\"elementor-post__excerpt\">\n\t\t\t<p>Exitoso encuentro de intercambio de experiencias educativas<\/p>\n\t\t<\/div>\n\t\t\n\t\t<a class=\"elementor-post__read-more\" href=\"https:\/\/fcv.unl.edu.ar\/citec\/?p=7456\" >\n\t\t\tCONOCER PROYECTO &gt;&gt;\t\t<\/a>\n\n\t\t\t\t<\/div>\n\t\t\t\t<\/article>\n\t\t\t\t<article class=\"elementor-post elementor-grid-item post-7275 post type-post status-publish format-standard has-post-thumbnail hentry category-eventos category-formacion category-novedades category-paginaprincipal entry has-media\">\n\t\t\t\t<a class=\"elementor-post__thumbnail__link\" href=\"https:\/\/fcv.unl.edu.ar\/citec\/?p=7275\" >\n\t\t\t<div class=\"elementor-post__thumbnail\"><img width=\"768\" height=\"512\" src=\"https:\/\/fcv.unl.edu.ar\/citec\/wp-content\/uploads\/2024\/10\/DSC_7639-768x512.jpg\" class=\"attachment-medium_large size-medium_large\" alt=\"\" loading=\"lazy\" \/><\/div>\n\t\t<\/a>\n\t\t\t\t<div class=\"elementor-post__text\">\n\t\t\t\t<h3 class=\"elementor-post__title\">\n\t\t\t<a href=\"https:\/\/fcv.unl.edu.ar\/citec\/?p=7275\" >\n\t\t\t\tParticipaci\u00f3n en Fecol + Expodema 2024.\t\t\t<\/a>\n\t\t<\/h3>\n\t\t\t\t<div class=\"elementor-post__meta-data\">\n\t\t\t\t\t<span class=\"elementor-post-date\">\n\t\t\t9 octubre, 2024\t\t<\/span>\n\t\t\t\t<\/div>\n\t\t\t\t<div class=\"elementor-post__excerpt\">\n\t\t\t<p>Acompa\u00f1ando el Proyecto de Extensi\u00f3n en el marco del Programa \u201cSeguimos Estudiando\u201d de la SPU recibimos la visita de docentes y alumnos de Escuelas Rurales.<\/p>\n\t\t<\/div>\n\t\t\n\t\t<a class=\"elementor-post__read-more\" href=\"https:\/\/fcv.unl.edu.ar\/citec\/?p=7275\" >\n\t\t\tCONOCER PROYECTO &gt;&gt;\t\t<\/a>\n\n\t\t\t\t<\/div>\n\t\t\t\t<\/article>\n\t\t\t\t<article class=\"elementor-post elementor-grid-item post-7276 post type-post status-publish format-standard has-post-thumbnail hentry category-eventos category-formacion category-novedades category-paginaprincipal entry has-media\">\n\t\t\t\t<a class=\"elementor-post__thumbnail__link\" href=\"https:\/\/fcv.unl.edu.ar\/citec\/?p=7276\" >\n\t\t\t<div class=\"elementor-post__thumbnail\"><img width=\"768\" height=\"192\" src=\"https:\/\/fcv.unl.edu.ar\/citec\/wp-content\/uploads\/2024\/10\/Fondo-editable-768x192.png\" class=\"attachment-medium_large size-medium_large\" alt=\"\" loading=\"lazy\" \/><\/div>\n\t\t<\/a>\n\t\t\t\t<div class=\"elementor-post__text\">\n\t\t\t\t<h3 class=\"elementor-post__title\">\n\t\t\t<a href=\"https:\/\/fcv.unl.edu.ar\/citec\/?p=7276\" >\n\t\t\t\tEncuentro con M\u00e9xico\t\t\t<\/a>\n\t\t<\/h3>\n\t\t\t\t<div class=\"elementor-post__meta-data\">\n\t\t\t\t\t<span class=\"elementor-post-date\">\n\t\t\t2 octubre, 2024\t\t<\/span>\n\t\t\t\t<\/div>\n\t\t\t\t<div class=\"elementor-post__excerpt\">\n\t\t\t<p>Exitoso encuentro de intercambio de experiencias educativas<\/p>\n\t\t<\/div>\n\t\t\n\t\t<a class=\"elementor-post__read-more\" href=\"https:\/\/fcv.unl.edu.ar\/citec\/?p=7276\" >\n\t\t\tCONOCER PROYECTO &gt;&gt;\t\t<\/a>\n\n\t\t\t\t<\/div>\n\t\t\t\t<\/article>\n\t\t\t\t<article class=\"elementor-post elementor-grid-item post-6975 post type-post status-publish format-standard has-post-thumbnail hentry category-eventos category-formacion category-novedades category-paginaprincipal entry has-media\">\n\t\t\t\t<a class=\"elementor-post__thumbnail__link\" href=\"https:\/\/fcv.unl.edu.ar\/citec\/?p=6975\" >\n\t\t\t<div class=\"elementor-post__thumbnail\"><img width=\"768\" height=\"512\" src=\"https:\/\/fcv.unl.edu.ar\/citec\/wp-content\/uploads\/2024\/08\/DSC_7244-768x512.jpg\" class=\"attachment-medium_large size-medium_large\" alt=\"\" loading=\"lazy\" \/><\/div>\n\t\t<\/a>\n\t\t\t\t<div class=\"elementor-post__text\">\n\t\t\t\t<h3 class=\"elementor-post__title\">\n\t\t\t<a href=\"https:\/\/fcv.unl.edu.ar\/citec\/?p=6975\" >\n\t\t\t\tAcompa\u00f1ando una iniciativa de Extensi\u00f3n\t\t\t<\/a>\n\t\t<\/h3>\n\t\t\t\t<div class=\"elementor-post__meta-data\">\n\t\t\t\t\t<span class=\"elementor-post-date\">\n\t\t\t27 junio, 2024\t\t<\/span>\n\t\t\t\t<\/div>\n\t\t\t\t<div class=\"elementor-post__excerpt\">\n\t\t\t<p>Acompa\u00f1ando el Proyecto de Extensi\u00f3n en el marco del Programa \u201cSeguimos Estudiando\u201d de la SPU recibimos la visita de docentes y alumnos de Escuelas Rurales.<\/p>\n\t\t<\/div>\n\t\t\n\t\t<a class=\"elementor-post__read-more\" href=\"https:\/\/fcv.unl.edu.ar\/citec\/?p=6975\" >\n\t\t\tCONOCER PROYECTO &gt;&gt;\t\t<\/a>\n\n\t\t\t\t<\/div>\n\t\t\t\t<\/article>\n\t\t\t\t<article class=\"elementor-post elementor-grid-item post-7036 post type-post status-publish format-standard has-post-thumbnail hentry category-eventos category-formacion category-novedades category-paginaprincipal entry has-media\">\n\t\t\t\t<a class=\"elementor-post__thumbnail__link\" href=\"https:\/\/fcv.unl.edu.ar\/citec\/?p=7036\" >\n\t\t\t<div class=\"elementor-post__thumbnail\"><img width=\"768\" height=\"1365\" src=\"https:\/\/fcv.unl.edu.ar\/citec\/wp-content\/uploads\/2024\/10\/20240607_105455-768x1365.jpg\" class=\"attachment-medium_large size-medium_large\" alt=\"\" loading=\"lazy\" \/><\/div>\n\t\t<\/a>\n\t\t\t\t<div class=\"elementor-post__text\">\n\t\t\t\t<h3 class=\"elementor-post__title\">\n\t\t\t<a href=\"https:\/\/fcv.unl.edu.ar\/citec\/?p=7036\" >\n\t\t\t\tPr\u00e1ctica educativa de RV y RA\t\t\t<\/a>\n\t\t<\/h3>\n\t\t\t\t<div class=\"elementor-post__meta-data\">\n\t\t\t\t\t<span class=\"elementor-post-date\">\n\t\t\t14 junio, 2024\t\t<\/span>\n\t\t\t\t<\/div>\n\t\t\t\t<div class=\"elementor-post__excerpt\">\n\t\t\t<p>Como todos los a\u00f1os, el 05 de junio realizamos el taller junto a la asignatura \u201cBiolog\u00eda Celular\u201d integrando Objetos de Aprendizaje en Realidad Virtual y Realidad Aumentada, en la que participaron 152 estudiantes.<\/p>\n\t\t<\/div>\n\t\t\n\t\t<a class=\"elementor-post__read-more\" href=\"https:\/\/fcv.unl.edu.ar\/citec\/?p=7036\" >\n\t\t\tCONOCER PROYECTO &gt;&gt;\t\t<\/a>\n\n\t\t\t\t<\/div>\n\t\t\t\t<\/article>\n\t\t\t\t<article class=\"elementor-post elementor-grid-item post-6742 post type-post status-publish format-standard has-post-thumbnail hentry category-eventos category-novedades category-paginaprincipal entry has-media\">\n\t\t\t\t<a class=\"elementor-post__thumbnail__link\" href=\"https:\/\/fcv.unl.edu.ar\/citec\/?p=6742\" >\n\t\t\t<div class=\"elementor-post__thumbnail\"><img width=\"755\" height=\"415\" src=\"https:\/\/fcv.unl.edu.ar\/citec\/wp-content\/uploads\/2023\/12\/Screenshot_12.jpg\" class=\"attachment-medium_large size-medium_large\" alt=\"\" loading=\"lazy\" \/><\/div>\n\t\t<\/a>\n\t\t\t\t<div class=\"elementor-post__text\">\n\t\t\t\t<h3 class=\"elementor-post__title\">\n\t\t\t<a href=\"https:\/\/fcv.unl.edu.ar\/citec\/?p=6742\" >\n\t\t\t\tIII Jornada Educaci\u00f3n, Innovaci\u00f3n y Tecnolog\u00eda\t\t\t<\/a>\n\t\t<\/h3>\n\t\t\t\t<div class=\"elementor-post__meta-data\">\n\t\t\t\t\t<span class=\"elementor-post-date\">\n\t\t\t19 diciembre, 2023\t\t<\/span>\n\t\t\t\t<\/div>\n\t\t\t\t<div class=\"elementor-post__excerpt\">\n\t\t\t<p>El Jueves 07 de diciembre de 2023 a partir de las 9:00 hs. se desarroll\u00f3 nuestra III Jornada de Educaci\u00f3n,<\/p>\n\t\t<\/div>\n\t\t\n\t\t<a class=\"elementor-post__read-more\" href=\"https:\/\/fcv.unl.edu.ar\/citec\/?p=6742\" >\n\t\t\tCONOCER PROYECTO &gt;&gt;\t\t<\/a>\n\n\t\t\t\t<\/div>\n\t\t\t\t<\/article>\n\t\t\t\t<article class=\"elementor-post elementor-grid-item post-6873 post type-post status-publish format-standard has-post-thumbnail hentry category-eventos category-formacion category-novedades category-paginaprincipal entry has-media\">\n\t\t\t\t<a class=\"elementor-post__thumbnail__link\" href=\"https:\/\/fcv.unl.edu.ar\/citec\/?p=6873\" >\n\t\t\t<div class=\"elementor-post__thumbnail\"><img width=\"768\" height=\"384\" src=\"https:\/\/fcv.unl.edu.ar\/citec\/wp-content\/uploads\/2024\/04\/DSCN0081-768x384.jpg\" class=\"attachment-medium_large size-medium_large\" alt=\"\" loading=\"lazy\" \/><\/div>\n\t\t<\/a>\n\t\t\t\t<div class=\"elementor-post__text\">\n\t\t\t\t<h3 class=\"elementor-post__title\">\n\t\t\t<a href=\"https:\/\/fcv.unl.edu.ar\/citec\/?p=6873\" >\n\t\t\t\tJIJE 2023\t\t\t<\/a>\n\t\t<\/h3>\n\t\t\t\t<div class=\"elementor-post__meta-data\">\n\t\t\t\t\t<span class=\"elementor-post-date\">\n\t\t\t10 noviembre, 2023\t\t<\/span>\n\t\t\t\t<\/div>\n\t\t\t\t<div class=\"elementor-post__excerpt\">\n\t\t\t<p>El 25 y 26 de octubre pudimos participar de las Jornadas Internacionales de J\u00f3venes Emprendedores (JIJE) 2023, en su d\u00e9cimo octava edici\u00f3n organizada por la Universidad Nacional del Litoral (UNL), a trav\u00e9s de la Secretar\u00eda de Vinculaci\u00f3n Tecnol\u00f3gica e Innovaci\u00f3n, y la Federaci\u00f3n Universitaria del Litoral (FUL).<\/p>\n\t\t<\/div>\n\t\t\n\t\t<a class=\"elementor-post__read-more\" href=\"https:\/\/fcv.unl.edu.ar\/citec\/?p=6873\" >\n\t\t\tCONOCER PROYECTO &gt;&gt;\t\t<\/a>\n\n\t\t\t\t<\/div>\n\t\t\t\t<\/article>\n\t\t\t\t<article class=\"elementor-post elementor-grid-item post-6679 post type-post status-publish format-standard has-post-thumbnail hentry category-eventos category-novedades entry has-media\">\n\t\t\t\t<a class=\"elementor-post__thumbnail__link\" href=\"https:\/\/fcv.unl.edu.ar\/citec\/?p=6679\" >\n\t\t\t<div class=\"elementor-post__thumbnail\"><img width=\"768\" height=\"340\" src=\"https:\/\/fcv.unl.edu.ar\/citec\/wp-content\/uploads\/2023\/11\/DSC_6505-scaled-e1699535213840-768x340.jpg\" class=\"attachment-medium_large size-medium_large\" alt=\"\" loading=\"lazy\" \/><\/div>\n\t\t<\/a>\n\t\t\t\t<div class=\"elementor-post__text\">\n\t\t\t\t<h3 class=\"elementor-post__title\">\n\t\t\t<a href=\"https:\/\/fcv.unl.edu.ar\/citec\/?p=6679\" >\n\t\t\t\tSemana de la Ciencia\t\t\t<\/a>\n\t\t<\/h3>\n\t\t\t\t<div class=\"elementor-post__meta-data\">\n\t\t\t\t\t<span class=\"elementor-post-date\">\n\t\t\t9 noviembre, 2023\t\t<\/span>\n\t\t\t\t<\/div>\n\t\t\t\t<div class=\"elementor-post__excerpt\">\n\t\t\t<p>En el marco de la Semana de la Ciencia, junto a docentes de la asignatura Biolog\u00eda Celular recibimos la visita<\/p>\n\t\t<\/div>\n\t\t\n\t\t<a class=\"elementor-post__read-more\" href=\"https:\/\/fcv.unl.edu.ar\/citec\/?p=6679\" >\n\t\t\tCONOCER PROYECTO &gt;&gt;\t\t<\/a>\n\n\t\t\t\t<\/div>\n\t\t\t\t<\/article>\n\t\t\t\t<article class=\"elementor-post elementor-grid-item post-6663 post type-post status-publish format-standard has-post-thumbnail hentry category-eventos category-novedades entry has-media\">\n\t\t\t\t<a class=\"elementor-post__thumbnail__link\" href=\"https:\/\/fcv.unl.edu.ar\/citec\/?p=6663\" >\n\t\t\t<div class=\"elementor-post__thumbnail\"><img width=\"768\" height=\"432\" src=\"https:\/\/fcv.unl.edu.ar\/citec\/wp-content\/uploads\/2023\/10\/4-1-768x432.jpeg\" class=\"attachment-medium_large size-medium_large\" alt=\"\" loading=\"lazy\" \/><\/div>\n\t\t<\/a>\n\t\t\t\t<div class=\"elementor-post__text\">\n\t\t\t\t<h3 class=\"elementor-post__title\">\n\t\t\t<a href=\"https:\/\/fcv.unl.edu.ar\/citec\/?p=6663\" >\n\t\t\t\tJornada UNA SALUD (FCV-UBA)\t\t\t<\/a>\n\t\t<\/h3>\n\t\t\t\t<div class=\"elementor-post__meta-data\">\n\t\t\t\t\t<span class=\"elementor-post-date\">\n\t\t\t27 octubre, 2023\t\t<\/span>\n\t\t\t\t<\/div>\n\t\t\t\t<div class=\"elementor-post__excerpt\">\n\t\t\t<p>El pasado mi\u00e9rcoles 25 asistimos a la Jornada \u201cUNA SALUD\u201d en la Facultad de Ciencias Veterinarias (UBA) donde participamos con<\/p>\n\t\t<\/div>\n\t\t\n\t\t<a class=\"elementor-post__read-more\" href=\"https:\/\/fcv.unl.edu.ar\/citec\/?p=6663\" >\n\t\t\tCONOCER PROYECTO &gt;&gt;\t\t<\/a>\n\n\t\t\t\t<\/div>\n\t\t\t\t<\/article>\n\t\t\t\t<article class=\"elementor-post elementor-grid-item post-6636 post type-post status-publish format-standard has-post-thumbnail hentry category-eventos category-novedades entry has-media\">\n\t\t\t\t<a class=\"elementor-post__thumbnail__link\" href=\"https:\/\/fcv.unl.edu.ar\/citec\/?p=6636\" >\n\t\t\t<div class=\"elementor-post__thumbnail\"><img width=\"768\" height=\"512\" src=\"https:\/\/fcv.unl.edu.ar\/citec\/wp-content\/uploads\/2023\/10\/DSC_3384-768x512.jpg\" class=\"attachment-medium_large size-medium_large\" alt=\"\" loading=\"lazy\" \/><\/div>\n\t\t<\/a>\n\t\t\t\t<div class=\"elementor-post__text\">\n\t\t\t\t<h3 class=\"elementor-post__title\">\n\t\t\t<a href=\"https:\/\/fcv.unl.edu.ar\/citec\/?p=6636\" >\n\t\t\t\tJornada GTecno \/ UNRaf\t\t\t<\/a>\n\t\t<\/h3>\n\t\t\t\t<div class=\"elementor-post__meta-data\">\n\t\t\t\t\t<span class=\"elementor-post-date\">\n\t\t\t9 octubre, 2023\t\t<\/span>\n\t\t\t\t<\/div>\n\t\t\t\t<div class=\"elementor-post__excerpt\">\n\t\t\t<p>Los d\u00edas 4 y 5 de octubre tuvimos el privilegio de participar de la Jornada GTecno, organizado por la UNRAF.<\/p>\n\t\t<\/div>\n\t\t\n\t\t<a class=\"elementor-post__read-more\" href=\"https:\/\/fcv.unl.edu.ar\/citec\/?p=6636\" >\n\t\t\tCONOCER PROYECTO &gt;&gt;\t\t<\/a>\n\n\t\t\t\t<\/div>\n\t\t\t\t<\/article>\n\t\t\t\t<article class=\"elementor-post elementor-grid-item post-6623 post type-post status-publish format-standard has-post-thumbnail hentry category-eventos category-novedades category-paginaprincipal entry has-media\">\n\t\t\t\t<a class=\"elementor-post__thumbnail__link\" href=\"https:\/\/fcv.unl.edu.ar\/citec\/?p=6623\" >\n\t\t\t<div class=\"elementor-post__thumbnail\"><img width=\"768\" height=\"432\" src=\"https:\/\/fcv.unl.edu.ar\/citec\/wp-content\/uploads\/2023\/09\/WhatsApp-Image-2023-08-24-at-08.01.09-768x432.jpeg\" class=\"attachment-medium_large size-medium_large\" alt=\"\" loading=\"lazy\" \/><\/div>\n\t\t<\/a>\n\t\t\t\t<div class=\"elementor-post__text\">\n\t\t\t\t<h3 class=\"elementor-post__title\">\n\t\t\t<a href=\"https:\/\/fcv.unl.edu.ar\/citec\/?p=6623\" >\n\t\t\t\tVisita Colegio Nuestra Se\u00f1ora del Huerto\t\t\t<\/a>\n\t\t<\/h3>\n\t\t\t\t<div class=\"elementor-post__meta-data\">\n\t\t\t\t\t<span class=\"elementor-post-date\">\n\t\t\t28 agosto, 2023\t\t<\/span>\n\t\t\t\t<\/div>\n\t\t\t\t<div class=\"elementor-post__excerpt\">\n\t\t\t<p>El pasado Mi\u00e9rcoles 28 de Agosto recibimos la visita de alumnos de 3\u00ba grado del Colegio Nuestra Se\u00f1ora del Huerto.<\/p>\n\t\t<\/div>\n\t\t\n\t\t<a class=\"elementor-post__read-more\" href=\"https:\/\/fcv.unl.edu.ar\/citec\/?p=6623\" >\n\t\t\tCONOCER PROYECTO &gt;&gt;\t\t<\/a>\n\n\t\t\t\t<\/div>\n\t\t\t\t<\/article>\n\t\t\t\t<article class=\"elementor-post elementor-grid-item post-6471 post type-post status-publish format-standard has-post-thumbnail hentry category-eventos category-novedades category-paginaprincipal entry has-media\">\n\t\t\t\t<a class=\"elementor-post__thumbnail__link\" href=\"https:\/\/fcv.unl.edu.ar\/citec\/?p=6471\" >\n\t\t\t<div class=\"elementor-post__thumbnail\"><img width=\"768\" height=\"511\" src=\"https:\/\/fcv.unl.edu.ar\/citec\/wp-content\/uploads\/2023\/06\/FOTO-VISITA-ITEC5-768x511.jpg\" class=\"attachment-medium_large size-medium_large\" alt=\"\" loading=\"lazy\" \/><\/div>\n\t\t<\/a>\n\t\t\t\t<div class=\"elementor-post__text\">\n\t\t\t\t<h3 class=\"elementor-post__title\">\n\t\t\t<a href=\"https:\/\/fcv.unl.edu.ar\/citec\/?p=6471\" >\n\t\t\t\tITEC-UNRAF (27\/06)\t\t\t<\/a>\n\t\t<\/h3>\n\t\t\t\t<div class=\"elementor-post__meta-data\">\n\t\t\t\t\t<span class=\"elementor-post-date\">\n\t\t\t28 junio, 2023\t\t<\/span>\n\t\t\t\t<\/div>\n\t\t\t\t<div class=\"elementor-post__excerpt\">\n\t\t\t<p>Recibimos la grata visita de estudiantes y docentes de las instituciones educativas ITEC (Tec. Sup. en Desarrollo de Software, Tec.<\/p>\n\t\t<\/div>\n\t\t\n\t\t<a class=\"elementor-post__read-more\" href=\"https:\/\/fcv.unl.edu.ar\/citec\/?p=6471\" >\n\t\t\tCONOCER PROYECTO &gt;&gt;\t\t<\/a>\n\n\t\t\t\t<\/div>\n\t\t\t\t<\/article>\n\t\t\t\t<article class=\"elementor-post elementor-grid-item post-6460 post type-post status-publish format-standard has-post-thumbnail hentry category-eventos category-formacion category-novedades entry has-media\">\n\t\t\t\t<a class=\"elementor-post__thumbnail__link\" href=\"https:\/\/fcv.unl.edu.ar\/citec\/?p=6460\" >\n\t\t\t<div class=\"elementor-post__thumbnail\"><img width=\"768\" height=\"511\" src=\"https:\/\/fcv.unl.edu.ar\/citec\/wp-content\/uploads\/2023\/06\/WhatsApp-Image-2023-06-30-at-08.52.002-768x511.jpeg\" class=\"attachment-medium_large size-medium_large\" alt=\"\" loading=\"lazy\" \/><\/div>\n\t\t<\/a>\n\t\t\t\t<div class=\"elementor-post__text\">\n\t\t\t\t<h3 class=\"elementor-post__title\">\n\t\t\t<a href=\"https:\/\/fcv.unl.edu.ar\/citec\/?p=6460\" >\n\t\t\t\tCapacitaci\u00f3n en Impresi\u00f3n 3D\t\t\t<\/a>\n\t\t<\/h3>\n\t\t\t\t<div class=\"elementor-post__meta-data\">\n\t\t\t\t\t<span class=\"elementor-post-date\">\n\t\t\t26 junio, 2023\t\t<\/span>\n\t\t\t\t<\/div>\n\t\t\t\t<div class=\"elementor-post__excerpt\">\n\t\t\t<p>El pasado lunes 26 de junio realizamos una capacitaci\u00f3n en Impresi\u00f3n 3D <\/p>\n\t\t<\/div>\n\t\t\n\t\t<a class=\"elementor-post__read-more\" href=\"https:\/\/fcv.unl.edu.ar\/citec\/?p=6460\" >\n\t\t\tCONOCER PROYECTO &gt;&gt;\t\t<\/a>\n\n\t\t\t\t<\/div>\n\t\t\t\t<\/article>\n\t\t\t\t<article class=\"elementor-post elementor-grid-item post-6395 post type-post status-publish format-standard has-post-thumbnail hentry category-eventos category-novedades category-paginaprincipal entry has-media\">\n\t\t\t\t<a class=\"elementor-post__thumbnail__link\" href=\"https:\/\/fcv.unl.edu.ar\/citec\/?p=6395\" >\n\t\t\t<div class=\"elementor-post__thumbnail\"><img width=\"768\" height=\"511\" src=\"https:\/\/fcv.unl.edu.ar\/citec\/wp-content\/uploads\/2023\/06\/DSC_2050-768x511.jpg\" class=\"attachment-medium_large size-medium_large\" alt=\"\" loading=\"lazy\" \/><\/div>\n\t\t<\/a>\n\t\t\t\t<div class=\"elementor-post__text\">\n\t\t\t\t<h3 class=\"elementor-post__title\">\n\t\t\t<a href=\"https:\/\/fcv.unl.edu.ar\/citec\/?p=6395\" >\n\t\t\t\tEn el Congreso Veterinario Latinoamericano 2023\t\t\t<\/a>\n\t\t<\/h3>\n\t\t\t\t<div class=\"elementor-post__meta-data\">\n\t\t\t\t\t<span class=\"elementor-post-date\">\n\t\t\t25 junio, 2023\t\t<\/span>\n\t\t\t\t<\/div>\n\t\t\t\t<div class=\"elementor-post__excerpt\">\n\t\t\t<p>El Viernes 23 y S\u00e1bado 24 de Junio estuvimos en la VII edici\u00f3n el Congreso Veterinario Latinoamericano en la ciudad<\/p>\n\t\t<\/div>\n\t\t\n\t\t<a class=\"elementor-post__read-more\" href=\"https:\/\/fcv.unl.edu.ar\/citec\/?p=6395\" >\n\t\t\tCONOCER PROYECTO &gt;&gt;\t\t<\/a>\n\n\t\t\t\t<\/div>\n\t\t\t\t<\/article>\n\t\t\t\t<article class=\"elementor-post elementor-grid-item post-6514 post type-post status-publish format-standard has-post-thumbnail hentry category-eventos category-novedades category-paginaprincipal entry has-media\">\n\t\t\t\t<a class=\"elementor-post__thumbnail__link\" href=\"https:\/\/fcv.unl.edu.ar\/citec\/?p=6514\" >\n\t\t\t<div class=\"elementor-post__thumbnail\"><img width=\"768\" height=\"576\" src=\"https:\/\/fcv.unl.edu.ar\/citec\/wp-content\/uploads\/2023\/07\/WhatsApp-Image-2023-09-12-at-11.51.53-768x576.jpeg\" class=\"attachment-medium_large size-medium_large\" alt=\"\" loading=\"lazy\" \/><\/div>\n\t\t<\/a>\n\t\t\t\t<div class=\"elementor-post__text\">\n\t\t\t\t<h3 class=\"elementor-post__title\">\n\t\t\t<a href=\"https:\/\/fcv.unl.edu.ar\/citec\/?p=6514\" >\n\t\t\t\tVisita docentes de FHUC-UNL y Universidad Federal de Mato Grosso\t\t\t<\/a>\n\t\t<\/h3>\n\t\t\t\t<div class=\"elementor-post__meta-data\">\n\t\t\t\t\t<span class=\"elementor-post-date\">\n\t\t\t11 junio, 2023\t\t<\/span>\n\t\t\t\t<\/div>\n\t\t\t\t<div class=\"elementor-post__excerpt\">\n\t\t\t<p>El pasado Viernes 9 de Junio recibimos a los docentes de FHUC &#8211; UNL y al Dr. Mauricio Guedes de<\/p>\n\t\t<\/div>\n\t\t\n\t\t<a class=\"elementor-post__read-more\" href=\"https:\/\/fcv.unl.edu.ar\/citec\/?p=6514\" >\n\t\t\tCONOCER PROYECTO &gt;&gt;\t\t<\/a>\n\n\t\t\t\t<\/div>\n\t\t\t\t<\/article>\n\t\t\t\t<article class=\"elementor-post elementor-grid-item post-6130 post type-post status-publish format-standard has-post-thumbnail hentry category-eventos category-novedades category-paginaprincipal entry has-media\">\n\t\t\t\t<a class=\"elementor-post__thumbnail__link\" href=\"https:\/\/fcv.unl.edu.ar\/citec\/?p=6130\" >\n\t\t\t<div class=\"elementor-post__thumbnail\"><img width=\"768\" height=\"1024\" src=\"https:\/\/fcv.unl.edu.ar\/citec\/wp-content\/uploads\/2023\/05\/WhatsApp-Image-2023-05-09-at-11.47.51-768x1024.jpeg\" class=\"attachment-medium_large size-medium_large\" alt=\"\" loading=\"lazy\" \/><\/div>\n\t\t<\/a>\n\t\t\t\t<div class=\"elementor-post__text\">\n\t\t\t\t<h3 class=\"elementor-post__title\">\n\t\t\t<a href=\"https:\/\/fcv.unl.edu.ar\/citec\/?p=6130\" >\n\t\t\t\tEncuentro en Facultad de Humanidades y Ciencias (FHUC-UNL)\t\t\t<\/a>\n\t\t<\/h3>\n\t\t\t\t<div class=\"elementor-post__meta-data\">\n\t\t\t\t\t<span class=\"elementor-post-date\">\n\t\t\t3 mayo, 2023\t\t<\/span>\n\t\t\t\t<\/div>\n\t\t\t\t<div class=\"elementor-post__excerpt\">\n\t\t\t<p>En esta oportunidad recibimos la invitaci\u00f3n de la Dra. Marcela Dotto de la Facultad de Humanidades y Ciencias (FHUC) y<\/p>\n\t\t<\/div>\n\t\t\n\t\t<a class=\"elementor-post__read-more\" href=\"https:\/\/fcv.unl.edu.ar\/citec\/?p=6130\" >\n\t\t\tCONOCER PROYECTO &gt;&gt;\t\t<\/a>\n\n\t\t\t\t<\/div>\n\t\t\t\t<\/article>\n\t\t\t\t<article class=\"elementor-post elementor-grid-item post-6088 post type-post status-publish format-standard has-post-thumbnail hentry category-eventos category-novedades category-paginaprincipal entry has-media\">\n\t\t\t\t<a class=\"elementor-post__thumbnail__link\" href=\"https:\/\/fcv.unl.edu.ar\/citec\/?p=6088\" >\n\t\t\t<div class=\"elementor-post__thumbnail\"><img width=\"768\" height=\"432\" src=\"https:\/\/fcv.unl.edu.ar\/citec\/wp-content\/uploads\/2023\/05\/WhatsApp-Image-2023-05-23-at-11.29.17-768x432.jpeg\" class=\"attachment-medium_large size-medium_large\" alt=\"\" loading=\"lazy\" \/><\/div>\n\t\t<\/a>\n\t\t\t\t<div class=\"elementor-post__text\">\n\t\t\t\t<h3 class=\"elementor-post__title\">\n\t\t\t<a href=\"https:\/\/fcv.unl.edu.ar\/citec\/?p=6088\" >\n\t\t\t\tV Foro de Graduados\t\t\t<\/a>\n\t\t<\/h3>\n\t\t\t\t<div class=\"elementor-post__meta-data\">\n\t\t\t\t\t<span class=\"elementor-post-date\">\n\t\t\t21 abril, 2023\t\t<\/span>\n\t\t\t\t<\/div>\n\t\t\t\t<div class=\"elementor-post__excerpt\">\n\t\t\t<p>El Centro estuvo presente en el V Foro de Actualizaci\u00f3n para Graduados en Ciencias Veterinarias. Agradecemos la oportunidad de compartir<\/p>\n\t\t<\/div>\n\t\t\n\t\t<a class=\"elementor-post__read-more\" href=\"https:\/\/fcv.unl.edu.ar\/citec\/?p=6088\" >\n\t\t\tCONOCER PROYECTO &gt;&gt;\t\t<\/a>\n\n\t\t\t\t<\/div>\n\t\t\t\t<\/article>\n\t\t\t\t<article class=\"elementor-post elementor-grid-item post-5733 post type-post status-publish format-standard has-post-thumbnail hentry category-eventos entry has-media\">\n\t\t\t\t<a class=\"elementor-post__thumbnail__link\" href=\"https:\/\/fcv.unl.edu.ar\/citec\/?p=5733\" >\n\t\t\t<div class=\"elementor-post__thumbnail\"><img width=\"768\" height=\"555\" src=\"https:\/\/fcv.unl.edu.ar\/citec\/wp-content\/uploads\/2022\/11\/placaPrincipal-768x555.png\" class=\"attachment-medium_large size-medium_large\" alt=\"\" loading=\"lazy\" \/><\/div>\n\t\t<\/a>\n\t\t\t\t<div class=\"elementor-post__text\">\n\t\t\t\t<h3 class=\"elementor-post__title\">\n\t\t\t<a href=\"https:\/\/fcv.unl.edu.ar\/citec\/?p=5733\" >\n\t\t\t\tII Jornada de sensibilizaci\u00f3n docente: Educaci\u00f3n, Innovaci\u00f3n y Tecnolog\u00eda\t\t\t<\/a>\n\t\t<\/h3>\n\t\t\t\t<div class=\"elementor-post__meta-data\">\n\t\t\t\t\t<span class=\"elementor-post-date\">\n\t\t\t28 noviembre, 2022\t\t<\/span>\n\t\t\t\t<\/div>\n\t\t\t\t<div class=\"elementor-post__excerpt\">\n\t\t\t<p>El lunes 07 de noviembre de 2022 a partir de las 9:00 hs. se desarroll\u00f3 el evento con la exposici\u00f3n<\/p>\n\t\t<\/div>\n\t\t\n\t\t<a class=\"elementor-post__read-more\" href=\"https:\/\/fcv.unl.edu.ar\/citec\/?p=5733\" >\n\t\t\tCONOCER PROYECTO &gt;&gt;\t\t<\/a>\n\n\t\t\t\t<\/div>\n\t\t\t\t<\/article>\n\t\t\t\t<article class=\"elementor-post elementor-grid-item post-1919 post type-post status-publish format-standard has-post-thumbnail hentry category-destacadas category-eventos category-formacion category-paginaprincipal entry has-media\">\n\t\t\t\t<a class=\"elementor-post__thumbnail__link\" href=\"https:\/\/fcv.unl.edu.ar\/citec\/?p=1919\" >\n\t\t\t<div class=\"elementor-post__thumbnail\"><img width=\"768\" height=\"432\" src=\"https:\/\/fcv.unl.edu.ar\/citec\/wp-content\/uploads\/2019\/11\/20191031_114710-768x432.jpg\" class=\"attachment-medium_large size-medium_large\" alt=\"\" loading=\"lazy\" \/><\/div>\n\t\t<\/a>\n\t\t\t\t<div class=\"elementor-post__text\">\n\t\t\t\t<h3 class=\"elementor-post__title\">\n\t\t\t<a href=\"https:\/\/fcv.unl.edu.ar\/citec\/?p=1919\" >\n\t\t\t\tJornada Internacional de J\u00f3venes Emprendedores  (JIJE 2019)\t\t\t<\/a>\n\t\t<\/h3>\n\t\t\t\t<div class=\"elementor-post__meta-data\">\n\t\t\t\t\t<span class=\"elementor-post-date\">\n\t\t\t8 noviembre, 2019\t\t<\/span>\n\t\t\t\t<\/div>\n\t\t\t\t<div class=\"elementor-post__excerpt\">\n\t\t\t<p>El CITec en representaci\u00f3n de la FCV-UNL particip\u00f3 de la JIJE 2019 compartiendo  los prototipos creados hasta el momento. <\/p>\n\t\t<\/div>\n\t\t\n\t\t<a class=\"elementor-post__read-more\" href=\"https:\/\/fcv.unl.edu.ar\/citec\/?p=1919\" >\n\t\t\tCONOCER PROYECTO &gt;&gt;\t\t<\/a>\n\n\t\t\t\t<\/div>\n\t\t\t\t<\/article>\n\t\t\t\t<article class=\"elementor-post elementor-grid-item post-785 post type-post status-publish format-standard has-post-thumbnail hentry category-eventos category-formacion category-paginaprincipal entry has-media\">\n\t\t\t\t<a class=\"elementor-post__thumbnail__link\" href=\"https:\/\/fcv.unl.edu.ar\/citec\/?p=785\" >\n\t\t\t<div class=\"elementor-post__thumbnail\"><img width=\"768\" height=\"517\" src=\"https:\/\/fcv.unl.edu.ar\/citec\/wp-content\/uploads\/2019\/03\/jornada-768x517.jpg\" class=\"attachment-medium_large size-medium_large\" alt=\"\" loading=\"lazy\" \/><\/div>\n\t\t<\/a>\n\t\t\t\t<div class=\"elementor-post__text\">\n\t\t\t\t<h3 class=\"elementor-post__title\">\n\t\t\t<a href=\"https:\/\/fcv.unl.edu.ar\/citec\/?p=785\" >\n\t\t\t\tI Jornada de sensibilizaci\u00f3n docente: Educaci\u00f3n, Innovaci\u00f3n y Tecnolog\u00eda.\t\t\t<\/a>\n\t\t<\/h3>\n\t\t\t\t<div class=\"elementor-post__meta-data\">\n\t\t\t\t\t<span class=\"elementor-post-date\">\n\t\t\t28 marzo, 2019\t\t<\/span>\n\t\t\t\t<\/div>\n\t\t\t\t<div class=\"elementor-post__excerpt\">\n\t\t\t<p>Para la jornada se proyectaron intervenciones con tem\u00e1ticas referentes a tecnolog\u00eda educativa y diversos paradigmas existentes en torno al modo de ense\u00f1ar o favorecer aprendizajes mediante dicha utilizaci\u00f3n. <\/p>\n\t\t<\/div>\n\t\t\n\t\t<a class=\"elementor-post__read-more\" href=\"https:\/\/fcv.unl.edu.ar\/citec\/?p=785\" >\n\t\t\tCONOCER PROYECTO &gt;&gt;\t\t<\/a>\n\n\t\t\t\t<\/div>\n\t\t\t\t<\/article>\n\t\t\t\t<\/div>\n\n\n\t\t\n\t\t\t\t<\/div>\n\t\t\t\t<\/div>\n\t\t\t\t\t\t<\/div>\n\t\t\t\t\t<\/div>\n\t\t<\/div>\n\t\t\t\t\t\t\t\t<\/div>\n\t\t\t\t\t<\/div>\n\t\t<\/section>\n\t\t\t\t\t\t\t\t\t<\/div>\n\t\t\t<\/div>\n\t\t\t\t\t<\/div>\n\t\t","protected":false},"excerpt":{"rendered":"<p>EVENTOS<\/p>\n","protected":false},"author":1,"featured_media":0,"parent":0,"menu_order":0,"comment_status":"closed","ping_status":"closed","template":"","meta":[],"_links":{"self":[{"href":"https:\/\/fcv.unl.edu.ar\/citec\/index.php?rest_route=\/wp\/v2\/pages\/597"}],"collection":[{"href":"https:\/\/fcv.unl.edu.ar\/citec\/index.php?rest_route=\/wp\/v2\/pages"}],"about":[{"href":"https:\/\/fcv.unl.edu.ar\/citec\/index.php?rest_route=\/wp\/v2\/types\/page"}],"author":[{"embeddable":true,"href":"https:\/\/fcv.unl.edu.ar\/citec\/index.php?rest_route=\/wp\/v2\/users\/1"}],"replies":[{"embeddable":true,"href":"https:\/\/fcv.unl.edu.ar\/citec\/index.php?rest_route=%2Fwp%2Fv2%2Fcomments&post=597"}],"version-history":[{"count":21,"href":"https:\/\/fcv.unl.edu.ar\/citec\/index.php?rest_route=\/wp\/v2\/pages\/597\/revisions"}],"predecessor-version":[{"id":8270,"href":"https:\/\/fcv.unl.edu.ar\/citec\/index.php?rest_route=\/wp\/v2\/pages\/597\/revisions\/8270"}],"wp:attachment":[{"href":"https:\/\/fcv.unl.edu.ar\/citec\/index.php?rest_route=%2Fwp%2Fv2%2Fmedia&parent=597"}],"curies":[{"name":"wp","href":"https:\/\/api.w.org\/{rel}","templated":true}]}}