{"id":3142,"date":"2021-01-07T08:50:19","date_gmt":"2021-01-07T11:50:19","guid":{"rendered":"https:\/\/fcv.unl.edu.ar\/citec\/?page_id=3142"},"modified":"2025-12-05T08:25:34","modified_gmt":"2025-12-05T11:25:34","slug":"convocatorias","status":"publish","type":"page","link":"https:\/\/fcv.unl.edu.ar\/citec\/?page_id=3142","title":{"rendered":"Convocatorias"},"content":{"rendered":"\t\t<div data-elementor-type=\"wp-post\" data-elementor-id=\"3142\" class=\"elementor elementor-3142\">\n\t\t\t\t\t\t<div class=\"elementor-inner\">\n\t\t\t\t<div class=\"elementor-section-wrap\">\n\t\t\t\t\t\t\t\t\t<section class=\"elementor-section elementor-top-section elementor-element elementor-element-2ec14d9 elementor-section-height-min-height elementor-section-stretched elementor-section-boxed elementor-section-height-default elementor-section-items-middle\" data-id=\"2ec14d9\" data-element_type=\"section\" data-settings=\"{&quot;background_background&quot;:&quot;classic&quot;,&quot;stretch_section&quot;:&quot;section-stretched&quot;,&quot;background_motion_fx_motion_fx_mouse&quot;:&quot;yes&quot;}\">\n\t\t\t\t\t\t<div class=\"elementor-container elementor-column-gap-default\">\n\t\t\t\t\t\t\t<div class=\"elementor-row\">\n\t\t\t\t\t<div class=\"elementor-column elementor-col-100 elementor-top-column elementor-element elementor-element-e24b396\" data-id=\"e24b396\" data-element_type=\"column\">\n\t\t\t<div class=\"elementor-column-wrap\">\n\t\t\t\t\t\t\t<div class=\"elementor-widget-wrap\">\n\t\t\t\t\t\t\t\t<\/div>\n\t\t\t\t\t<\/div>\n\t\t<\/div>\n\t\t\t\t\t\t\t\t<\/div>\n\t\t\t\t\t<\/div>\n\t\t<\/section>\n\t\t\t\t<section class=\"elementor-section elementor-top-section elementor-element elementor-element-45aa0952 elementor-section-boxed elementor-section-height-default elementor-section-height-default\" data-id=\"45aa0952\" data-element_type=\"section\">\n\t\t\t\t\t\t<div class=\"elementor-container elementor-column-gap-default\">\n\t\t\t\t\t\t\t<div class=\"elementor-row\">\n\t\t\t\t\t<div class=\"elementor-column elementor-col-100 elementor-top-column elementor-element elementor-element-1c0fcb4c\" data-id=\"1c0fcb4c\" data-element_type=\"column\">\n\t\t\t<div class=\"elementor-column-wrap elementor-element-populated\">\n\t\t\t\t\t\t\t<div class=\"elementor-widget-wrap\">\n\t\t\t\t\t\t<div class=\"elementor-element elementor-element-abd381d elementor-widget elementor-widget-text-editor\" data-id=\"abd381d\" data-element_type=\"widget\" data-widget_type=\"text-editor.default\">\n\t\t\t\t<div class=\"elementor-widget-container\">\n\t\t\t\t\t\t\t\t<div class=\"elementor-text-editor elementor-clearfix\">\n\t\t\t\t<p style=\"text-align: center;\"><span style=\"color: #333300;\">&#8220;<em>La<\/em><em> simple incorporaci\u00f3n de las TIC no supone ya un factor de calidad e innovaci\u00f3n educativa, son variables que no van asociadas;&nbsp;<\/em><em style=\"font-size: 14px;\">entre otros motivos porque su simple presencia no garantiza nada,<br>y porque una cosa es la velocidad de adaptaci\u00f3n de una tecnolog\u00eda y otra diferente, <br>la transformaci\u00f3n del cambio cultural y de las pr\u00e1cticas necesarias para que la tecnolog\u00eda sea apropiada por los actores. <br>Es importante tener estas cuestiones en claro a la hora de planificar un proyecto de innovaci\u00f3n, ya que el desarrollo de un software, <br>el dise\u00f1o de un material multimedia o la creaci\u00f3n de un aula virtual, <br>por si mismos no garantizan innovaci\u00f3n alguna si no est\u00e1n claramente pensados dentro de un proceso que tenga sentido para los actores, <br>en un determinado contexto y frente a una problem\u00e1tica debidamente identificada. <br>Los cambios que ocurren sin una intenci\u00f3n y una planificaci\u00f3n expl\u00edcitas no se pueden considerar innovaciones&#8221;.&nbsp;<\/em><em style=\"font-size: 14px;\">(Buontempo, M., 2016).<\/em><\/span><em style=\"color: #000000; font-size: 14px;\"><br><\/em><\/p>\t\t\t\t\t<\/div>\n\t\t\t\t\t\t<\/div>\n\t\t\t\t<\/div>\n\t\t\t\t<div class=\"elementor-element elementor-element-72c32895 elementor-grid-1 elementor-posts--thumbnail-left elementor-posts--align-left elementor-hidden-phone elementor-grid-tablet-2 elementor-grid-mobile-1 elementor-widget elementor-widget-posts\" data-id=\"72c32895\" data-element_type=\"widget\" data-settings=\"{&quot;classic_columns&quot;:&quot;1&quot;,&quot;classic_row_gap&quot;:{&quot;unit&quot;:&quot;px&quot;,&quot;size&quot;:25,&quot;sizes&quot;:[]},&quot;classic_columns_tablet&quot;:&quot;2&quot;,&quot;classic_columns_mobile&quot;:&quot;1&quot;,&quot;classic_row_gap_tablet&quot;:{&quot;unit&quot;:&quot;px&quot;,&quot;size&quot;:&quot;&quot;,&quot;sizes&quot;:[]},&quot;classic_row_gap_mobile&quot;:{&quot;unit&quot;:&quot;px&quot;,&quot;size&quot;:&quot;&quot;,&quot;sizes&quot;:[]}}\" data-widget_type=\"posts.classic\">\n\t\t\t\t<div class=\"elementor-widget-container\">\n\t\t\t\t\t<div class=\"elementor-posts-container elementor-posts elementor-posts--skin-classic elementor-grid\">\n\t\t\t\t<article class=\"elementor-post elementor-grid-item post-4250 post type-post status-publish format-standard has-post-thumbnail hentry category-convocatorias entry has-media\">\n\t\t\t\t<a class=\"elementor-post__thumbnail__link\" href=\"https:\/\/fcv.unl.edu.ar\/citec\/?p=4250\" >\n\t\t\t<div class=\"elementor-post__thumbnail\"><img width=\"768\" height=\"384\" src=\"https:\/\/fcv.unl.edu.ar\/citec\/wp-content\/uploads\/2021\/12\/WhatsApp-Image-2021-12-29-at-14.50.11-768x384.jpeg\" class=\"attachment-medium_large size-medium_large\" alt=\"\" loading=\"lazy\" \/><\/div>\n\t\t<\/a>\n\t\t\t\t<div class=\"elementor-post__text\">\n\t\t\t\t<h3 class=\"elementor-post__title\">\n\t\t\t<a href=\"https:\/\/fcv.unl.edu.ar\/citec\/?p=4250\" >\n\t\t\t\tProyectos 2021\t\t\t<\/a>\n\t\t<\/h3>\n\t\t\t\t<div class=\"elementor-post__meta-data\">\n\t\t\t\t\t<span class=\"elementor-post-date\">\n\t\t\t29 diciembre, 2021\t\t<\/span>\n\t\t\t\t<\/div>\n\t\t\t\t<div class=\"elementor-post__excerpt\">\n\t\t\t<p>Conociendo los proyectos implementados y los actores educativos intervinientes.<\/p>\n\t\t<\/div>\n\t\t\n\t\t<a class=\"elementor-post__read-more\" href=\"https:\/\/fcv.unl.edu.ar\/citec\/?p=4250\" >\n\t\t\tAcceder a la convocatoria&gt;&gt;\t\t<\/a>\n\n\t\t\t\t<\/div>\n\t\t\t\t<\/article>\n\t\t\t\t<article class=\"elementor-post elementor-grid-item post-3638 post type-post status-publish format-standard has-post-thumbnail hentry category-54 category-convocatorias entry has-media\">\n\t\t\t\t<a class=\"elementor-post__thumbnail__link\" href=\"https:\/\/fcv.unl.edu.ar\/citec\/?p=3638\" >\n\t\t\t<div class=\"elementor-post__thumbnail\"><img width=\"768\" height=\"384\" src=\"https:\/\/fcv.unl.edu.ar\/citec\/wp-content\/uploads\/2021\/01\/Convocatoria_2021_vC2021-1-768x384.png\" class=\"attachment-medium_large size-medium_large\" alt=\"\" loading=\"lazy\" \/><\/div>\n\t\t<\/a>\n\t\t\t\t<div class=\"elementor-post__text\">\n\t\t\t\t<h3 class=\"elementor-post__title\">\n\t\t\t<a href=\"https:\/\/fcv.unl.edu.ar\/citec\/?p=3638\" >\n\t\t\t\tConvocatoria 2021\t\t\t<\/a>\n\t\t<\/h3>\n\t\t\t\t<div class=\"elementor-post__meta-data\">\n\t\t\t\t\t<span class=\"elementor-post-date\">\n\t\t\t21 enero, 2021\t\t<\/span>\n\t\t\t\t<\/div>\n\t\t\t\t<div class=\"elementor-post__excerpt\">\n\t\t\t<p>Espacio que propiciamos para la generaci\u00f3n de propuestas educativas innovadoras.<br \/>\nDurante el mes de marzo se recibir\u00e1n las propuestas de los diferentes programas de los cuales pueden participar. Ingresando a la convocatoria podr\u00e1n acceder a las bases y pautas para la correspondiente formalizaci\u00f3n.<\/p>\n\t\t<\/div>\n\t\t\n\t\t<a class=\"elementor-post__read-more\" href=\"https:\/\/fcv.unl.edu.ar\/citec\/?p=3638\" >\n\t\t\tAcceder a la convocatoria&gt;&gt;\t\t<\/a>\n\n\t\t\t\t<\/div>\n\t\t\t\t<\/article>\n\t\t\t\t<\/div>\n\n\n\t\t\n\t\t\t\t<\/div>\n\t\t\t\t<\/div>\n\t\t\t\t\t\t<\/div>\n\t\t\t\t\t<\/div>\n\t\t<\/div>\n\t\t\t\t\t\t\t\t<\/div>\n\t\t\t\t\t<\/div>\n\t\t<\/section>\n\t\t\t\t<section class=\"elementor-section elementor-top-section elementor-element elementor-element-a7ad38a elementor-section-boxed elementor-section-height-default elementor-section-height-default\" data-id=\"a7ad38a\" data-element_type=\"section\">\n\t\t\t\t\t\t<div class=\"elementor-container elementor-column-gap-default\">\n\t\t\t\t\t\t\t<div class=\"elementor-row\">\n\t\t\t\t\t<div class=\"elementor-column elementor-col-100 elementor-top-column elementor-element elementor-element-cd845f1\" data-id=\"cd845f1\" data-element_type=\"column\">\n\t\t\t<div class=\"elementor-column-wrap\">\n\t\t\t\t\t\t\t<div class=\"elementor-widget-wrap\">\n\t\t\t\t\t\t\t\t<\/div>\n\t\t\t\t\t<\/div>\n\t\t<\/div>\n\t\t\t\t\t\t\t\t<\/div>\n\t\t\t\t\t<\/div>\n\t\t<\/section>\n\t\t\t\t\t\t\t\t\t<\/div>\n\t\t\t<\/div>\n\t\t\t\t\t<\/div>\n\t\t","protected":false},"excerpt":{"rendered":"<p>&#8220;La simple incorporaci\u00f3n de las TIC no supone ya un factor de calidad e innovaci\u00f3n educativa, son variables que no van asociadas;&nbsp;entre otros motivos porque su simple presencia no garantiza nada,y porque una cosa es la velocidad de adaptaci\u00f3n de una tecnolog\u00eda y otra diferente, la transformaci\u00f3n del cambio cultural y de las pr\u00e1cticas necesarias [&hellip;]<\/p>\n","protected":false},"author":5,"featured_media":0,"parent":0,"menu_order":0,"comment_status":"closed","ping_status":"closed","template":"","meta":[],"_links":{"self":[{"href":"https:\/\/fcv.unl.edu.ar\/citec\/index.php?rest_route=\/wp\/v2\/pages\/3142"}],"collection":[{"href":"https:\/\/fcv.unl.edu.ar\/citec\/index.php?rest_route=\/wp\/v2\/pages"}],"about":[{"href":"https:\/\/fcv.unl.edu.ar\/citec\/index.php?rest_route=\/wp\/v2\/types\/page"}],"author":[{"embeddable":true,"href":"https:\/\/fcv.unl.edu.ar\/citec\/index.php?rest_route=\/wp\/v2\/users\/5"}],"replies":[{"embeddable":true,"href":"https:\/\/fcv.unl.edu.ar\/citec\/index.php?rest_route=%2Fwp%2Fv2%2Fcomments&post=3142"}],"version-history":[{"count":104,"href":"https:\/\/fcv.unl.edu.ar\/citec\/index.php?rest_route=\/wp\/v2\/pages\/3142\/revisions"}],"predecessor-version":[{"id":9143,"href":"https:\/\/fcv.unl.edu.ar\/citec\/index.php?rest_route=\/wp\/v2\/pages\/3142\/revisions\/9143"}],"wp:attachment":[{"href":"https:\/\/fcv.unl.edu.ar\/citec\/index.php?rest_route=%2Fwp%2Fv2%2Fmedia&parent=3142"}],"curies":[{"name":"wp","href":"https:\/\/api.w.org\/{rel}","templated":true}]}}